{"id":17883,"date":"2025-10-16T08:37:31","date_gmt":"2025-10-16T11:37:31","guid":{"rendered":"https:\/\/fm22.com.ar\/?page_id=17883"},"modified":"2025-10-16T08:37:31","modified_gmt":"2025-10-16T11:37:31","slug":"salta-prision-preventiva-para-cuatro-acusados-de-trata-sexual-con-alumnas-de-un-colegio-secundario","status":"publish","type":"page","link":"https:\/\/fm22.com.ar\/index.php\/salta-prision-preventiva-para-cuatro-acusados-de-trata-sexual-con-alumnas-de-un-colegio-secundario\/","title":{"rendered":"Salta: Prisi\u00f3n preventiva para cuatro acusados de trata sexual con alumnas de un colegio secundario"},"content":{"rendered":"<div class=\"content single-template\">\n<div class=\"pini col-md-offset-2 col-xs-12 col-md-10 contenedor-notas\">\n<div class=\"single-contenedor\">\n<div class=\"header col-md-11 \">\n<div class=\"nota-texto\">La investigaci\u00f3n de la Fiscal\u00eda de Distrito descubri\u00f3 una red que operaba en torno a un colegio del cual captaban a adolescentes para ofrecerlas en servicios sexuales.<\/div>\n<div class=\"nota-texto\">Con el remisero en el rol clave de la captaci\u00f3n, los otros acusados pagaban por distintas pr\u00e1cticas sexuales.<\/div>\n<\/div>\n<div class=\"col-md-12\"><\/div>\n<div class=\"foto\">\n<div id=\"carousel\" class=\"carousel slide col-md-9\" data-ride=\"carousel\">\n<div class=\"carousel-inner\" role=\"listbox\">\n<div class=\"item active \"><a class=\"foto popup cboxElement foto231724 tiene-epigrafe rotador-a\" title=\"Uno de los domicilios allanados donde eran explotadas las adolescentes. - Foto: Polic\u00eda de Seguridad Aeroportuaria\" href=\"https:\/\/www.fiscales.gob.ar\/wp-content\/uploads\/2025\/09\/trata5.jpeg\" rel=\"gal231724\"><img src=\"https:\/\/www.fiscales.gob.ar\/wp-content\/uploads\/2025\/09\/trata5.jpeg\" alt=\"Uno de los domicilios allanados donde eran explotadas las adolescentes. - Foto: Polic\u00eda de Seguridad Aeroportuaria\" \/><\/a><\/p>\n<p class=\"rotador-description\">Uno de los domicilios allanados donde eran explotadas las adolescentes.<\/p>\n<\/div>\n<\/div>\n<\/div>\n<\/div>\n<div class=\"nota col-md-12\">\n<div class=\"hidden-xs\">\n<div class=\"col-izq col-md-3\">\n<div class=\"row\">\n<div class=\"contenedor-estanota\">\n<div class=\"col-md-12\">\n<div class=\"tag post-tag trata-de-personas-con-fines-de-captacion-promocion-facilitacion-y-explotacion-sexual-agravada\"><\/div>\n<\/div>\n<\/div>\n<\/div>\n<\/div>\n<\/div>\n<div class=\"col-der col-md-7\">\n<p>El juez federal de Garant\u00edas N\u00b01 de Salta, Julio Bavio, hizo lugar al requerimiento del fiscal general Eduardo Villalba y la auxiliar fiscal Roxana Gual, de la Fiscal\u00eda de Distrito, y formaliz\u00f3 la investigaci\u00f3n penal por el delito de trata de personas contra un remisero y otros tres hombres acusados de captar alumnas de un colegio secundario del sur de la ciudad capital para explotarlas sexualmente.<\/p>\n<p>Los acusados quedaron imputados como coautores de trata de personas con fines de captaci\u00f3n, promoci\u00f3n, facilitaci\u00f3n y explotaci\u00f3n sexual, agravada por la vulnerabilidad, minoridad y cantidad de v\u00edctimas, la participaci\u00f3n de m\u00e1s de tres personas y por haberse consumado la explotaci\u00f3n. A instancia de la fiscal\u00eda, a los cuatro se les dict\u00f3 la prisi\u00f3n preventiva.<\/p>\n<p>En tanto, en el caso hay un quinto investigado que es un adolescente de 16 a\u00f1os quien qued\u00f3 imputado de manera provisoria por el mismo delito, pero en car\u00e1cter de part\u00edcipe secundario, y que continuar\u00e1 sometido a proceso con un r\u00e9gimen especial.<\/p>\n<p>Seg\u00fan la hip\u00f3tesis fiscal, el conductor cumpl\u00eda un rol central en la captaci\u00f3n de las adolescentes y en la organizaci\u00f3n de los encuentros sexuales, que se realizaban con los otros tres imputados\u00a0 principalmente en moteles ubicados sobre la ruta 26 o en la casa de uno de los explotadores. Por ahora, son tres las v\u00edctimas identificadas en la investigaci\u00f3n.<\/p>\n<p><strong>\u201cGravedad inusitada\u201d<\/strong><\/p>\n<p>Al presentar el caso en la audiencia de formalizaci\u00f3n del jueves pasado, el fiscal general Villalba lo calific\u00f3 como \u201cde una gravedad inusitada\u201d y con \u201cparticularidades\u201d complejas. En concreto, sostuvo que se captaban ni\u00f1as de una escuela para explotarlas sexualmente. Reconoci\u00f3 que hubo denuncias previas que \u201cno fueron atendidas debidamente por los organismos del Estado\u201d, y que esa fue la raz\u00f3n por lo que esta organizaci\u00f3n \u201ccontinu\u00f3 actuando y causando da\u00f1os irreversibles en ni\u00f1as de 16 a\u00f1os\u201d.<\/p>\n<p>Sobre los roles de los imputados, resalt\u00f3 que el remisero se val\u00eda de la confianza que le ten\u00edan los padres en el traslado de sus hijas para captar \u201cde manera perversa\u201d a las adolescentes y luego ofrecerlas a los explotadores.<\/p>\n<p>\u201cSabemos que el delito de trata de personas es un delito que cosifica al ser humano. La funci\u00f3n del remisero era buscar cu\u00e1l era la mercader\u00eda que los clientes estaban necesitando\u201d, destac\u00f3 el fiscal.<\/p>\n<p>&nbsp;<\/p>\n<div id=\"attachment_231729\" class=\"wp-caption alignnone\"><img loading=\"lazy\" class=\"size-full wp-image-231729\" src=\"https:\/\/www.fiscales.gob.ar\/wp-content\/uploads\/2025\/09\/Auto-blanco.jpg\" sizes=\"(max-width: 921px) 100vw, 921px\" srcset=\"https:\/\/www.fiscales.gob.ar\/wp-content\/uploads\/2025\/09\/Auto-blanco.jpg 921w, https:\/\/www.fiscales.gob.ar\/wp-content\/uploads\/2025\/09\/Auto-blanco-768x512.jpg 768w\" alt=\"\" width=\"921\" height=\"614\" aria-describedby=\"caption-attachment-231729\" \/><\/p>\n<p id=\"caption-attachment-231729\" class=\"wp-caption-text\">El rem\u00eds Volkswagen Voyage que usaba el principal imputado para trasladar a las v\u00edctimas. Foto: Polic\u00eda de Seguridad Aeroportuaria<\/p>\n<\/div>\n<p>El chofer tambi\u00e9n hab\u00eda impuesto un cierto c\u00f3digo para describir los encuentros a trav\u00e9s de los mensajes que manten\u00eda con las menores de edad que explotaba y con los clientes. \u201cVamos a hacer la onda\u201d, era la frase clave usada para programar los encuentros.<\/p>\n<p>Villalba explic\u00f3 que el pago por los servicios se pod\u00eda hacer mediante transferencias, aunque uno de los clientes lo hac\u00eda al contado. Por lo general, las citas se hac\u00edan casi sobre el final del horario de escuela y cuando hab\u00eda hora libre.<\/p>\n<p>La fiscal\u00eda tambi\u00e9n enumer\u00f3 y resalt\u00f3 las evidencias secuestradas en los allanamientos en las viviendas de los imputados. Sobre este punto, precis\u00f3 que en la casa del remisero se incautaron juguetes sexuales, lencer\u00eda y hasta pastillas de estimulaci\u00f3n sexual, entre otros elementos.<\/p>\n<p><strong>El abuso a una ni\u00f1a de 12 a\u00f1os<\/strong><\/p>\n<p>Villalba tambi\u00e9n imput\u00f3 al remisero por el delito de abuso sexual, en perjuicio de una ni\u00f1a de 12 a\u00f1os que era hermana de una de sus v\u00edctimas de 16.<\/p>\n<p>El representante del MPF explic\u00f3 que el acusado manose\u00f3 a esa ni\u00f1a -a la que tambi\u00e9n intent\u00f3 captar para su plan delictivo-, en una oportunidad en la que logr\u00f3 que subiera a su auto, un Volkswagen Voyage blanco.<\/p>\n<p><strong>Las denuncias<\/strong><\/p>\n<p>La primera denuncia del caso se radic\u00f3 el 26 de junio del a\u00f1o pasado, cuando la mam\u00e1 de una de las v\u00edctimas se mostr\u00f3 sorprendida por el celular de alta gama que ten\u00eda su hija y, al revisarlo, vio mensajes de \u00edndole sexual, entre ellos uno enviado por el remisero, a trav\u00e9s del cual hac\u00eda alusi\u00f3n a su otra hija de 12 a\u00f1os.<\/p>\n<p>La denuncia motivo la apertura de una causa penal en la justicia provincial. Sin embargo, tras analizar el contenido del tel\u00e9fono secuestrado al remisero, el fuero ordinario pidi\u00f3 su incompetencia, bajo la hip\u00f3tesis de un posible caso de trata de personas. La investigaci\u00f3n pas\u00f3 al \u00e1mbito de la Fiscal\u00eda de Distrito del MPF a mediados de este a\u00f1o, tras una audiencia en la que se declar\u00f3 la competencia federal.<\/p>\n<p>En ese marco, la fiscal\u00eda a cargo de Villalba retom\u00f3 las actuaciones con personal de la Polic\u00eda de Seguridad Aeroportuaria (PSA) y la colaboraci\u00f3n de la Procuradur\u00eda de Trata y Explotaci\u00f3n de Personas (PROTEX), a cargo de la fiscal federal Alejandra M\u00e1ngano y el fiscal general Marcelo Colombo.<\/p>\n<p><strong>Prisi\u00f3n preventiva<\/strong><\/p>\n<p>En la audiencia de formalizaci\u00f3n, los representantes del MPF solicitaron como medida de coerci\u00f3n la prisi\u00f3n preventiva para los cuatro adultos imputados, pedido que fue avalado por el juez Bavio.<\/p>\n<p>Al fundamentar, la fiscal\u00eda record\u00f3 que la escala penal prevista para este delito agravado es de 10 a 15 a\u00f1os de prisi\u00f3n y que se trata de un caso de \u201calta complejidad\u201d en el que se ve vulnerada la \u201cdignidad de los ni\u00f1os\u201d y donde hay otras v\u00edctimas que por el momento a\u00fan no declararon y peritajes pendientes. El defensor p\u00fablico de V\u00edctimas, Nicol\u00e1s Escandar, respald\u00f3 la solicitud y remarc\u00f3 el temor y la vulnerabilidad que atraviesan las v\u00edctimas.<\/p>\n<p>Al momento del descargo, solo dos de los clientes imputados, declararon y lo hicieron para desligarse de la imputaci\u00f3n. Entre otros argumentos, dijeron que desconoc\u00edan la minoridad de las v\u00edctimas, o bien, que solo pagaron por sexo. Sus defensores formularon planteos dirigidos a desestimar la imputaci\u00f3n penal, pero los mismos fueron rebatidos por la fiscal\u00eda, en funci\u00f3n de las evidencias recolectadas y la gravedad de los hechos, postura que tambi\u00e9n fue acompa\u00f1ada por el juez, quien tambi\u00e9n autoriz\u00f3 peritajes sobre los tel\u00e9fonos secuestrados y el levantamiento del secreto bancario y burs\u00e1til.<\/p>\n<\/div>\n<\/div>\n<\/div>\n<\/div>\n<\/div>\n<footer class=\"footer\">\n<div class=\"col-md-12\">\n<div class=\"col-md-offset-2 col-md-3\"><\/div>\n<\/div>\n<\/footer>\n","protected":false},"excerpt":{"rendered":"<p>La investigaci\u00f3n de la Fiscal\u00eda de Distrito descubri\u00f3 una red que operaba en torno a un colegio del cual captaban a adolescentes para ofrecerlas en servicios sexuales. Con el remisero en el rol clave de la captaci\u00f3n, los otros acusados pagaban por distintas pr\u00e1cticas sexuales. Uno de los domicilios allanados donde eran explotadas las adolescentes. [&hellip;]<\/p>\n","protected":false},"author":8,"featured_media":17884,"parent":0,"menu_order":0,"comment_status":"closed","ping_status":"closed","template":"","meta":[],"_links":{"self":[{"href":"https:\/\/fm22.com.ar\/index.php\/wp-json\/wp\/v2\/pages\/17883"}],"collection":[{"href":"https:\/\/fm22.com.ar\/index.php\/wp-json\/wp\/v2\/pages"}],"about":[{"href":"https:\/\/fm22.com.ar\/index.php\/wp-json\/wp\/v2\/types\/page"}],"author":[{"embeddable":true,"href":"https:\/\/fm22.com.ar\/index.php\/wp-json\/wp\/v2\/users\/8"}],"replies":[{"embeddable":true,"href":"https:\/\/fm22.com.ar\/index.php\/wp-json\/wp\/v2\/comments?post=17883"}],"version-history":[{"count":1,"href":"https:\/\/fm22.com.ar\/index.php\/wp-json\/wp\/v2\/pages\/17883\/revisions"}],"predecessor-version":[{"id":17885,"href":"https:\/\/fm22.com.ar\/index.php\/wp-json\/wp\/v2\/pages\/17883\/revisions\/17885"}],"wp:featuredmedia":[{"embeddable":true,"href":"https:\/\/fm22.com.ar\/index.php\/wp-json\/wp\/v2\/media\/17884"}],"wp:attachment":[{"href":"https:\/\/fm22.com.ar\/index.php\/wp-json\/wp\/v2\/media?parent=17883"}],"curies":[{"name":"wp","href":"https:\/\/api.w.org\/{rel}","templated":true}]}}