{"id":14018,"date":"2023-09-13T01:10:50","date_gmt":"2023-09-13T04:10:50","guid":{"rendered":"https:\/\/fm22.com.ar\/?page_id=14018"},"modified":"2023-09-13T01:10:50","modified_gmt":"2023-09-13T04:10:50","slug":"salta-contara-con-una-aplicacion-web-de-informacion-turistica","status":"publish","type":"page","link":"https:\/\/fm22.com.ar\/index.php\/salta-contara-con-una-aplicacion-web-de-informacion-turistica\/","title":{"rendered":"Salta contar\u00e1 con una aplicaci\u00f3n web de informaci\u00f3n tur\u00edstica"},"content":{"rendered":"<p>&nbsp;<\/p>\n<p>El proyecto de Declaraci\u00f3n fue aprobado en la C\u00e1mara de Diputados, en donde el legislador por Cafayate, Patricio Pe\u00f1alba, explic\u00f3 que la medida servir\u00e1 para organizar la oferta tur\u00edstica y fortalecer\u00e1 el federalismo en el territorio provincial.<\/p>\n<p>Este martes se realiz\u00f3 una nueva sesi\u00f3n ordinaria en la\u00a0<strong>C\u00e1mara de Diputados de Salta<\/strong>, en la que se aprob\u00f3 el proyecto de Declaraci\u00f3n presentado por\u00a0<strong>Patricio Pe\u00f1alba<\/strong>, legislador por Cafayate, referido a la<strong>\u00a0creaci\u00f3n de una aplicaci\u00f3n tur\u00edstica<\/strong>\u00a0para \u201cLa Linda\u201d.<\/p>\n<p>Pe\u00f1alba explic\u00f3 que el objetivo es\u00a0<strong>mejorar el contacto<\/strong>\u00a0que se tiene con el turista, mejorando la informaci\u00f3n brindada, capitalizando sus experiencias y\u00a0<strong>planeando la oferta tur\u00edstica<\/strong>.<\/p>\n<p>El legislador detall\u00f3 que la aplicaci\u00f3n, no solo brindar\u00e1 informaci\u00f3n del destino tur\u00edstico, sino que tambi\u00e9n apunta a\u00a0<strong>mejorar el pernocte<\/strong>\u00a0del visitante, ya que el mismo podr\u00e1 planificar su viaje, explorando las distintas ofertas tur\u00edsticas de la Provincia, haciendo un\u00a0<strong>turismo m\u00e1s federal<\/strong>\u00a0y llamando al viajante a que explore todos los atractivos a lo largo y ancho de Salta.<\/p>\n<p>Adem\u00e1s, Pe\u00f1alba resalt\u00f3 que m\u00e1s que informar, tambi\u00e9n la aplicaci\u00f3n permitir\u00e1\u00a0<strong>recabar informaci\u00f3n<\/strong>\u00a0del turista, para saber sus gustos, preferencias y mejorar el servicio y la oferta tur\u00edstica, mediante el\u00a0<strong>feedback<\/strong>\u00a0que se mantendr\u00e1 con el visitante, a trav\u00e9s de recomendaciones y sugerencias de paseos, atractivos, circuitos, entre otros.<\/p>\n","protected":false},"excerpt":{"rendered":"<p>&nbsp; El proyecto de Declaraci\u00f3n fue aprobado en la C\u00e1mara de Diputados, en donde el legislador por Cafayate, Patricio Pe\u00f1alba, explic\u00f3 que la medida servir\u00e1 para organizar la oferta tur\u00edstica y fortalecer\u00e1 el federalismo en el territorio provincial. Este martes se realiz\u00f3 una nueva sesi\u00f3n ordinaria en la\u00a0C\u00e1mara de Diputados de Salta, en la que [&hellip;]<\/p>\n","protected":false},"author":4,"featured_media":14019,"parent":0,"menu_order":0,"comment_status":"closed","ping_status":"closed","template":"","meta":[],"_links":{"self":[{"href":"https:\/\/fm22.com.ar\/index.php\/wp-json\/wp\/v2\/pages\/14018"}],"collection":[{"href":"https:\/\/fm22.com.ar\/index.php\/wp-json\/wp\/v2\/pages"}],"about":[{"href":"https:\/\/fm22.com.ar\/index.php\/wp-json\/wp\/v2\/types\/page"}],"author":[{"embeddable":true,"href":"https:\/\/fm22.com.ar\/index.php\/wp-json\/wp\/v2\/users\/4"}],"replies":[{"embeddable":true,"href":"https:\/\/fm22.com.ar\/index.php\/wp-json\/wp\/v2\/comments?post=14018"}],"version-history":[{"count":1,"href":"https:\/\/fm22.com.ar\/index.php\/wp-json\/wp\/v2\/pages\/14018\/revisions"}],"predecessor-version":[{"id":14020,"href":"https:\/\/fm22.com.ar\/index.php\/wp-json\/wp\/v2\/pages\/14018\/revisions\/14020"}],"wp:featuredmedia":[{"embeddable":true,"href":"https:\/\/fm22.com.ar\/index.php\/wp-json\/wp\/v2\/media\/14019"}],"wp:attachment":[{"href":"https:\/\/fm22.com.ar\/index.php\/wp-json\/wp\/v2\/media?parent=14018"}],"curies":[{"name":"wp","href":"https:\/\/api.w.org\/{rel}","templated":true}]}}